{"id":118,"date":"2025-01-27T17:17:16","date_gmt":"2025-01-27T22:17:16","guid":{"rendered":"https:\/\/www.une.edu.pe\/admision\/?page_id=118"},"modified":"2025-01-27T17:29:37","modified_gmt":"2025-01-27T22:29:37","slug":"prosep-educacion-inicial","status":"publish","type":"page","link":"https:\/\/www.une.edu.pe\/admision\/index.php\/prosep-educacion-inicial\/","title":{"rendered":"PROSEP &#8211; Educaci\u00f3n Inicial"},"content":{"rendered":"\n<p><strong>Programa de Segunda Especialidad Profesional: Educaci\u00f3n Inicial<\/strong><\/p>\n\n\n\n<p><strong>Prop\u00f3sito<\/strong><\/p>\n\n\n\n<p>Brindar formaci\u00f3n profesional human\u00edstica, cient\u00edfica, tecnol\u00f3gica e intercultural a los estudiantes universitarios de Educaci\u00f3n inicial para su desarrollo integral y la transformaci\u00f3n social, con responsabilidad orientada a la competitividad e innovaci\u00f3n.<\/p>\n\n\n\n<p><strong>Funci\u00f3n<\/strong><\/p>\n\n\n\n<ol class=\"wp-block-list\">\n<li>Desarrollar procesos pedag\u00f3gicos y did\u00e1cticos de manera integral en educaci\u00f3n inicial acorde con los enfoques educativos.<\/li>\n\n\n\n<li>Realiza proceso de gesti\u00f3n educativa institucional, seg\u00fan normatividad y procedimientos establecidos en el sistema educativo vigente.<\/li>\n<\/ol>\n\n\n\n<p><strong>T\u00edtulo Profesional<\/strong><\/p>\n\n\n\n<p>Titulo de Segunda Especialidad Profesional: Educaci\u00f3n Inicial<\/p>\n\n\n\n<p><strong>Duraci\u00f3n<\/strong><\/p>\n\n\n\n<p>Tres ciclo acad\u00e9micos (1 a\u00f1o 1\/2)<\/p>\n\n\n\n<p><strong>Competencias<\/strong><\/p>\n\n\n\n<ul class=\"wp-block-list\">\n<li>Aplica teor\u00edas pedag\u00f3gicas e interdisciplinarias para ejercer su pr\u00e1ctica docente con efectividad.<\/li>\n\n\n\n<li>Domina los procesos psicol\u00f3gicos vigentes para el desarrollo y aprendizaje en los ni\u00f1os.<\/li>\n\n\n\n<li>Domina la did\u00e1ctica de la especialidad, para planificar, ejecutar y evaluar las acciones educativas en base a las necesidades de aprendizaje de los ni\u00f1os.<\/li>\n\n\n\n<li>Domina las diversas estrategias de otros lenguajes para el desarrollo de las diferentes manifestaciones art\u00edsticas en los ni\u00f1os.<\/li>\n\n\n\n<li>Gestiona acciones institucionales e intersectoriales para ejecutar programas educativos de calidad con participaci\u00f3n de la comunidad educativa.<\/li>\n<\/ul>\n\n\n\n<p class=\"has-text-align-center has-pale-cyan-blue-background-color has-background has-extra-large-font-size\"><strong><a href=\"https:\/\/www.une.edu.pe\/admision\/wp-content\/uploads\/2025\/01\/malla_sep_ei.pdf\">Malla Curricular<\/a><\/strong><\/p>\n\n\n\n<p><\/p>\n","protected":false},"excerpt":{"rendered":"<p>Programa de Segunda Especialidad Profesional: Educaci\u00f3n Inicial Prop\u00f3sito Brindar formaci\u00f3n profesional human\u00edstica, cient\u00edfica, tecnol\u00f3gica e intercultural a los estudiantes universitarios de Educaci\u00f3n inicial para su desarrollo integral y la transformaci\u00f3n social, con responsabilidad orientada a la competitividad e innovaci\u00f3n. Funci\u00f3n T\u00edtulo Profesional Titulo de Segunda Especialidad Profesional: Educaci\u00f3n Inicial Duraci\u00f3n Tres ciclo acad\u00e9micos (1 a\u00f1o [&hellip;]<\/p>\n","protected":false},"author":2,"featured_media":0,"parent":0,"menu_order":0,"comment_status":"closed","ping_status":"closed","template":"","meta":{"footnotes":""},"class_list":["post-118","page","type-page","status-publish","hentry"],"_links":{"self":[{"href":"https:\/\/www.une.edu.pe\/admision\/index.php\/wp-json\/wp\/v2\/pages\/118","targetHints":{"allow":["GET"]}}],"collection":[{"href":"https:\/\/www.une.edu.pe\/admision\/index.php\/wp-json\/wp\/v2\/pages"}],"about":[{"href":"https:\/\/www.une.edu.pe\/admision\/index.php\/wp-json\/wp\/v2\/types\/page"}],"author":[{"embeddable":true,"href":"https:\/\/www.une.edu.pe\/admision\/index.php\/wp-json\/wp\/v2\/users\/2"}],"replies":[{"embeddable":true,"href":"https:\/\/www.une.edu.pe\/admision\/index.php\/wp-json\/wp\/v2\/comments?post=118"}],"version-history":[{"count":3,"href":"https:\/\/www.une.edu.pe\/admision\/index.php\/wp-json\/wp\/v2\/pages\/118\/revisions"}],"predecessor-version":[{"id":143,"href":"https:\/\/www.une.edu.pe\/admision\/index.php\/wp-json\/wp\/v2\/pages\/118\/revisions\/143"}],"wp:attachment":[{"href":"https:\/\/www.une.edu.pe\/admision\/index.php\/wp-json\/wp\/v2\/media?parent=118"}],"curies":[{"name":"wp","href":"https:\/\/api.w.org\/{rel}","templated":true}]}}