{"id":114,"date":"2025-01-27T17:17:42","date_gmt":"2025-01-27T22:17:42","guid":{"rendered":"https:\/\/www.une.edu.pe\/admision\/?page_id=114"},"modified":"2025-01-27T17:39:57","modified_gmt":"2025-01-27T22:39:57","slug":"prosep-informatica-educativa","status":"publish","type":"page","link":"https:\/\/www.une.edu.pe\/admision\/index.php\/prosep-informatica-educativa\/","title":{"rendered":"PROSEP &#8211; Inform\u00e1tica Educativa"},"content":{"rendered":"\n<p><strong>Programa de Segunda Especialidad Profesional: Inform\u00e1tica Educativa<\/strong><\/p>\n\n\n\n<p><strong>Prop\u00f3sito<\/strong><\/p>\n\n\n\n<p>Forma profesionales de segunda especialidad en Inform\u00e1tica Educativa para lograr su desarrollo integral con responsabilidad \u00e9tica y social, liderazgo e innovaci\u00f3n tecnol\u00f3gica y cient\u00edfica.&nbsp;<\/p>\n\n\n\n<p><strong>Funci\u00f3n<\/strong><\/p>\n\n\n\n<ol class=\"wp-block-list\">\n<li>Analizar, dise\u00f1ar y elaborar herramientas tecnol\u00f3gicas en el \u00e1rea de educaci\u00f3n empleando metodolog\u00edas modernas de modelamiento y nuevos paradigmas de programaci\u00f3n, as\u00ed como realizar el mantenimiento de equipos de c\u00f3mputo.<\/li>\n\n\n\n<li>Administrar la configuraci\u00f3n de computadoras, servicios de c\u00f3mputo, las aplicaciones m\u00f3viles y redes y conectividad de la informaci\u00f3n seg\u00fan un marco normativo de calidad.<\/li>\n\n\n\n<li>Planifica, implementa y gestiona ambientes virtuales de aprendizaje utilizando herramientas interactivas y modelos pedag\u00f3gicos actuales.<\/li>\n<\/ol>\n\n\n\n<p><strong>T\u00edtulo Profesional<\/strong><\/p>\n\n\n\n<p>&nbsp;&nbsp;&nbsp;&nbsp;&nbsp;&nbsp;&nbsp;&nbsp;&nbsp;&nbsp;&nbsp;&nbsp;&nbsp;&nbsp;&nbsp; Titulo de Segunda Especialidad Profesional: Inform\u00e1tica Educativa<\/p>\n\n\n\n<p><strong>Duraci\u00f3n<\/strong><\/p>\n\n\n\n<p>&nbsp;&nbsp;&nbsp;&nbsp;&nbsp;&nbsp;&nbsp;&nbsp;&nbsp;&nbsp;&nbsp;&nbsp;&nbsp;&nbsp;&nbsp; Tres ciclo acad\u00e9micos (1 a\u00f1o 1\/2)<\/p>\n\n\n\n<p><strong>Competencias<\/strong><\/p>\n\n\n\n<ul class=\"wp-block-list\">\n<li>Programa sistemas computacionales empleando nuevas tecnolog\u00edas y nuevos paradigmas de programaci\u00f3n.<\/li>\n\n\n\n<li>Elabora modelamiento de datos para la representaci\u00f3n de la informaci\u00f3n de una organizaci\u00f3n.<\/li>\n\n\n\n<li>Aplica software educativo en el proceso educativo.<\/li>\n\n\n\n<li>Utiliza herramientas interactivas como material did\u00e1ctico en el proceso educativo.<\/li>\n\n\n\n<li>Realiza el mantenimiento de computadoras empleando conceptos fundamentales de su arquitectura.<\/li>\n\n\n\n<li>Instala, configura y mantiene los sistemas operativos de computadoras y en red, teniendo en cuenta los procedimientos en un marco normativo de calidad.<\/li>\n\n\n\n<li>Realiza aplicaciones m\u00f3viles mediante lenguajes nativos de programaci\u00f3n en sistemas operativos m\u00f3viles, en temas generalmente educativos.<\/li>\n\n\n\n<li>Realiza el mantenimiento de redes de \u00e1rea local empleando conceptos fundamentales de la arquitectura de redes y marcos normativos de calidad.<\/li>\n\n\n\n<li>Comprende y aplica los fundamentos epistemol\u00f3gicos y conceptos de las tendencias pedag\u00f3gicas de la did\u00e1ctica de la inform\u00e1tica.<\/li>\n\n\n\n<li>Realiza el dise\u00f1o de un curso virtual seg\u00fan un modelo pedag\u00f3gico de educaci\u00f3n virtual.<\/li>\n\n\n\n<li>Crea ambientes virtuales de car\u00e1cter educativo basados en Tecnolog\u00edas de Informaci\u00f3n y Comunicaci\u00f3n.<\/li>\n\n\n\n<li>Construye aplicaciones web integradas empleando herramientas multimedia y bajo patrones modernos de arquitectura de un sitio web educativo.<\/li>\n\n\n\n<li>Gestiona el aprendizaje y utiliza la rob\u00f3tica educativa en la ense\u00f1anza aprendizaje y genera proyectos de investigaci\u00f3n cient\u00edfica en inform\u00e1tica educativa.<\/li>\n<\/ul>\n\n\n\n<p class=\"has-text-align-center has-pale-cyan-blue-background-color has-background has-extra-large-font-size\"><strong><a href=\"https:\/\/www.une.edu.pe\/admision\/wp-content\/uploads\/2025\/01\/malla_sep_ie.pdf\">Malla Curricular<\/a><\/strong><\/p>\n","protected":false},"excerpt":{"rendered":"<p>Programa de Segunda Especialidad Profesional: Inform\u00e1tica Educativa Prop\u00f3sito Forma profesionales de segunda especialidad en Inform\u00e1tica Educativa para lograr su desarrollo integral con responsabilidad \u00e9tica y social, liderazgo e innovaci\u00f3n tecnol\u00f3gica y cient\u00edfica.&nbsp; Funci\u00f3n T\u00edtulo Profesional &nbsp;&nbsp;&nbsp;&nbsp;&nbsp;&nbsp;&nbsp;&nbsp;&nbsp;&nbsp;&nbsp;&nbsp;&nbsp;&nbsp;&nbsp; Titulo de Segunda Especialidad Profesional: Inform\u00e1tica Educativa Duraci\u00f3n &nbsp;&nbsp;&nbsp;&nbsp;&nbsp;&nbsp;&nbsp;&nbsp;&nbsp;&nbsp;&nbsp;&nbsp;&nbsp;&nbsp;&nbsp; Tres ciclo acad\u00e9micos (1 a\u00f1o 1\/2) Competencias Malla Curricular<\/p>\n","protected":false},"author":2,"featured_media":0,"parent":0,"menu_order":0,"comment_status":"closed","ping_status":"closed","template":"","meta":{"footnotes":""},"class_list":["post-114","page","type-page","status-publish","hentry"],"_links":{"self":[{"href":"https:\/\/www.une.edu.pe\/admision\/index.php\/wp-json\/wp\/v2\/pages\/114","targetHints":{"allow":["GET"]}}],"collection":[{"href":"https:\/\/www.une.edu.pe\/admision\/index.php\/wp-json\/wp\/v2\/pages"}],"about":[{"href":"https:\/\/www.une.edu.pe\/admision\/index.php\/wp-json\/wp\/v2\/types\/page"}],"author":[{"embeddable":true,"href":"https:\/\/www.une.edu.pe\/admision\/index.php\/wp-json\/wp\/v2\/users\/2"}],"replies":[{"embeddable":true,"href":"https:\/\/www.une.edu.pe\/admision\/index.php\/wp-json\/wp\/v2\/comments?post=114"}],"version-history":[{"count":2,"href":"https:\/\/www.une.edu.pe\/admision\/index.php\/wp-json\/wp\/v2\/pages\/114\/revisions"}],"predecessor-version":[{"id":146,"href":"https:\/\/www.une.edu.pe\/admision\/index.php\/wp-json\/wp\/v2\/pages\/114\/revisions\/146"}],"wp:attachment":[{"href":"https:\/\/www.une.edu.pe\/admision\/index.php\/wp-json\/wp\/v2\/media?parent=114"}],"curies":[{"name":"wp","href":"https:\/\/api.w.org\/{rel}","templated":true}]}}