{"id":3055,"date":"2019-12-04T17:04:04","date_gmt":"2019-12-04T16:04:04","guid":{"rendered":"http:\/\/www.une.edu.pe\/Pedagogia\/?page_id=3055"},"modified":"2021-07-22T09:31:43","modified_gmt":"2021-07-22T07:31:43","slug":"quienes-somos","status":"publish","type":"page","link":"https:\/\/www.une.edu.pe\/Pedagogia\/quienes-somos\/","title":{"rendered":"Quienes Somos"},"content":{"rendered":"\t\t<div data-elementor-type=\"wp-post\" data-elementor-id=\"3055\" class=\"elementor elementor-3055\">\n\t\t\t\t\t\t<section class=\"elementor-section elementor-top-section elementor-element elementor-element-071b1b7 elementor-section-boxed elementor-section-height-default elementor-section-height-default\" data-id=\"071b1b7\" data-element_type=\"section\" data-e-type=\"section\">\n\t\t\t\t\t\t<div class=\"elementor-container elementor-column-gap-default\">\n\t\t\t\t\t<div class=\"elementor-column elementor-col-50 elementor-top-column elementor-element elementor-element-8d4003c\" data-id=\"8d4003c\" data-element_type=\"column\" data-e-type=\"column\">\n\t\t\t<div class=\"elementor-widget-wrap elementor-element-populated\">\n\t\t\t\t\t\t<div class=\"elementor-element elementor-element-6c27cd6 elementor-widget elementor-widget-heading\" data-id=\"6c27cd6\" data-element_type=\"widget\" data-e-type=\"widget\" data-widget_type=\"heading.default\">\n\t\t\t\t<div class=\"elementor-widget-container\">\n\t\t\t\t\t<h3 class=\"elementor-heading-title elementor-size-default\">MISI\u00d3N<\/h3>\t\t\t\t<\/div>\n\t\t\t\t<\/div>\n\t\t\t\t<div class=\"elementor-element elementor-element-6650fba elementor-widget elementor-widget-text-editor\" data-id=\"6650fba\" data-element_type=\"widget\" data-e-type=\"widget\" data-widget_type=\"text-editor.default\">\n\t\t\t\t<div class=\"elementor-widget-container\">\n\t\t\t\t\t\t\t\t\t<p><span lang=\"ES-PE\">\u201c<\/span>Es una Facultad formadora de profesionales, pedagogos, para la Educaci\u00f3n Primaria, la Educaci\u00f3n F\u00edsica y la Educaci\u00f3n B\u00e1sica\u00a0 Alternativa del sistema Educativo Nacional, con el prop\u00f3sito de formar ciudadanos para contribuir al desarrollo nacional\u201d\u00a0<\/p>\t\t\t\t\t\t\t\t<\/div>\n\t\t\t\t<\/div>\n\t\t\t\t\t<\/div>\n\t\t<\/div>\n\t\t\t\t<div class=\"elementor-column elementor-col-50 elementor-top-column elementor-element elementor-element-b71b97b\" data-id=\"b71b97b\" data-element_type=\"column\" data-e-type=\"column\">\n\t\t\t<div class=\"elementor-widget-wrap elementor-element-populated\">\n\t\t\t\t\t\t<div class=\"elementor-element elementor-element-bd7eb59 elementor-widget elementor-widget-image\" data-id=\"bd7eb59\" data-element_type=\"widget\" data-e-type=\"widget\" data-widget_type=\"image.default\">\n\t\t\t\t<div class=\"elementor-widget-container\">\n\t\t\t\t\t\t\t\t\t\t\t\t\t\t\t<img decoding=\"async\" src=\"https:\/\/www.une.edu.pe\/Pedagogia\/wp-content\/uploads\/elementor\/thumbs\/mision-p2yhou9prijrdqawcws231hid2g8cw5rtllokfe07s.jpg\" title=\"mision\" alt=\"mision\" loading=\"lazy\" \/>\t\t\t\t\t\t\t\t\t\t\t\t\t\t\t<\/div>\n\t\t\t\t<\/div>\n\t\t\t\t\t<\/div>\n\t\t<\/div>\n\t\t\t\t\t<\/div>\n\t\t<\/section>\n\t\t\t\t<section class=\"elementor-section elementor-top-section elementor-element elementor-element-3bcd9f9 elementor-section-boxed elementor-section-height-default elementor-section-height-default\" data-id=\"3bcd9f9\" data-element_type=\"section\" data-e-type=\"section\">\n\t\t\t\t\t\t<div class=\"elementor-container elementor-column-gap-default\">\n\t\t\t\t\t<div class=\"elementor-column elementor-col-50 elementor-top-column elementor-element elementor-element-1bed03b\" data-id=\"1bed03b\" data-element_type=\"column\" data-e-type=\"column\">\n\t\t\t<div class=\"elementor-widget-wrap elementor-element-populated\">\n\t\t\t\t\t\t<div class=\"elementor-element elementor-element-343b713 elementor-widget elementor-widget-image\" data-id=\"343b713\" data-element_type=\"widget\" data-e-type=\"widget\" data-widget_type=\"image.default\">\n\t\t\t\t<div class=\"elementor-widget-container\">\n\t\t\t\t\t\t\t\t\t\t\t\t\t\t\t<img decoding=\"async\" src=\"https:\/\/www.une.edu.pe\/Pedagogia\/wp-content\/uploads\/elementor\/thumbs\/vision-p2yhou9prijrdqawcws231hid2g8cw5rtllokfe07s.jpg\" title=\"vision\" alt=\"vision\" loading=\"lazy\" \/>\t\t\t\t\t\t\t\t\t\t\t\t\t\t\t<\/div>\n\t\t\t\t<\/div>\n\t\t\t\t\t<\/div>\n\t\t<\/div>\n\t\t\t\t<div class=\"elementor-column elementor-col-50 elementor-top-column elementor-element elementor-element-f721adc\" data-id=\"f721adc\" data-element_type=\"column\" data-e-type=\"column\">\n\t\t\t<div class=\"elementor-widget-wrap elementor-element-populated\">\n\t\t\t\t\t\t<div class=\"elementor-element elementor-element-3672ed1 elementor-widget elementor-widget-heading\" data-id=\"3672ed1\" data-element_type=\"widget\" data-e-type=\"widget\" data-widget_type=\"heading.default\">\n\t\t\t\t<div class=\"elementor-widget-container\">\n\t\t\t\t\t<h3 class=\"elementor-heading-title elementor-size-default\">VISI\u00d3N<\/h3>\t\t\t\t<\/div>\n\t\t\t\t<\/div>\n\t\t\t\t<div class=\"elementor-element elementor-element-6db7b35 elementor-widget elementor-widget-text-editor\" data-id=\"6db7b35\" data-element_type=\"widget\" data-e-type=\"widget\" data-widget_type=\"text-editor.default\">\n\t\t\t\t<div class=\"elementor-widget-container\">\n\t\t\t\t\t\t\t\t\t<p>\u201cSer una Facultad que aspira la excelencia en la formaci\u00f3n de profesionales, pedagogos, en las carreras de Educaci\u00f3n Primaria, Educaci\u00f3n F\u00edsica y Educaci\u00f3n B\u00e1sica Alternativa, procurando el reconocimiento nacional e internacional en el campo de la educaci\u00f3n\u201d.<\/p>\t\t\t\t\t\t\t\t<\/div>\n\t\t\t\t<\/div>\n\t\t\t\t\t<\/div>\n\t\t<\/div>\n\t\t\t\t\t<\/div>\n\t\t<\/section>\n\t\t\t\t<\/div>\n\t\t","protected":false},"excerpt":{"rendered":"<p>MISI\u00d3N \u201cEs una Facultad formadora de profesionales, pedagogos, para la Educaci\u00f3n Primaria, la Educaci\u00f3n F\u00edsica y la Educaci\u00f3n B\u00e1sica\u00a0 Alternativa del sistema Educativo Nacional, con el prop\u00f3sito de formar ciudadanos para contribuir al desarrollo nacional\u201d\u00a0 VISI\u00d3N \u201cSer una Facultad que <a href=\"https:\/\/www.une.edu.pe\/Pedagogia\/quienes-somos\/\" class=\"read-more\">Leer m\u00e1s&#8230;<\/a><\/p>\n","protected":false},"author":3,"featured_media":0,"parent":0,"menu_order":0,"comment_status":"closed","ping_status":"closed","template":"","meta":{"footnotes":""},"class_list":["post-3055","page","type-page","status-publish","hentry"],"_links":{"self":[{"href":"https:\/\/www.une.edu.pe\/Pedagogia\/wp-json\/wp\/v2\/pages\/3055","targetHints":{"allow":["GET"]}}],"collection":[{"href":"https:\/\/www.une.edu.pe\/Pedagogia\/wp-json\/wp\/v2\/pages"}],"about":[{"href":"https:\/\/www.une.edu.pe\/Pedagogia\/wp-json\/wp\/v2\/types\/page"}],"author":[{"embeddable":true,"href":"https:\/\/www.une.edu.pe\/Pedagogia\/wp-json\/wp\/v2\/users\/3"}],"replies":[{"embeddable":true,"href":"https:\/\/www.une.edu.pe\/Pedagogia\/wp-json\/wp\/v2\/comments?post=3055"}],"version-history":[{"count":8,"href":"https:\/\/www.une.edu.pe\/Pedagogia\/wp-json\/wp\/v2\/pages\/3055\/revisions"}],"predecessor-version":[{"id":4304,"href":"https:\/\/www.une.edu.pe\/Pedagogia\/wp-json\/wp\/v2\/pages\/3055\/revisions\/4304"}],"wp:attachment":[{"href":"https:\/\/www.une.edu.pe\/Pedagogia\/wp-json\/wp\/v2\/media?parent=3055"}],"curies":[{"name":"wp","href":"https:\/\/api.w.org\/{rel}","templated":true}]}}